{"id":935,"date":"2023-06-28T17:41:52","date_gmt":"2023-06-28T16:41:52","guid":{"rendered":"https:\/\/lalectora.com\/?page_id=935"},"modified":"2023-07-15T18:19:33","modified_gmt":"2023-07-15T17:19:33","slug":"contacto","status":"publish","type":"page","link":"https:\/\/lalectora.com\/en\/contacto\/","title":{"rendered":"Contact"},"content":{"rendered":"<div data-elementor-type=\"wp-page\" data-elementor-id=\"935\" class=\"elementor elementor-935\" data-elementor-post-type=\"page\">\n\t\t\t\t<div class=\"elementor-element elementor-element-67d53d2 e-flex e-con-boxed e-con e-parent\" data-id=\"67d53d2\" data-element_type=\"container\">\n\t\t\t\t\t<div class=\"e-con-inner\">\n\t\t<div class=\"elementor-element elementor-element-d21e7a8 e-con-full e-flex e-con e-child\" data-id=\"d21e7a8\" data-element_type=\"container\">\n\t\t\t\t<div class=\"elementor-element elementor-element-5bea845 elementor-widget elementor-widget-heading\" data-id=\"5bea845\" data-element_type=\"widget\" data-widget_type=\"heading.default\">\n\t\t\t\t<div class=\"elementor-widget-container\">\n\t\t\t\t\t<h1 class=\"elementor-heading-title elementor-size-default\">Your space to enjoy culture<\/h1>\t\t\t\t<\/div>\n\t\t\t\t<\/div>\n\t\t\t\t<div class=\"elementor-element elementor-element-4923b45 elementor-widget__width-initial elementor-widget elementor-widget-text-editor\" data-id=\"4923b45\" data-element_type=\"widget\" data-widget_type=\"text-editor.default\">\n\t\t\t\t<div class=\"elementor-widget-container\">\n\t\t\t\t\t\t\t\t\t<p>The project is fueled by La Lectora's passion for books, natural and innovative products, and the world of coffee and tea, while also honoring our traditional offerings.\u00a0<\/p><p>It is a space to enjoy and open to cultural events. <strong>Do you want to present your book? Participate in our caf\u00e9's exhibition? Do you have any project you would like to showcase?<br \/><br \/>Contact us and let's talk!<\/strong><\/p>\t\t\t\t\t\t\t\t<\/div>\n\t\t\t\t<\/div>\n\t\t\t\t<\/div>\n\t\t<div class=\"elementor-element elementor-element-baf8e7f e-con-full e-flex e-con e-child\" data-id=\"baf8e7f\" data-element_type=\"container\">\n\t\t\t\t<div class=\"elementor-element elementor-element-1a30dd4 elementor-widget-mobile__width-inherit animated-fast elementor-invisible elementor-widget elementor-widget-image\" data-id=\"1a30dd4\" data-element_type=\"widget\" data-settings=\"{&quot;_animation&quot;:&quot;fadeIn&quot;}\" data-widget_type=\"image.default\">\n\t\t\t\t<div class=\"elementor-widget-container\">\n\t\t\t\t\t\t\t\t\t\t\t\t\t\t\t<img fetchpriority=\"high\" decoding=\"async\" width=\"800\" height=\"534\" src=\"https:\/\/lalectora.com\/wp-content\/uploads\/2023\/07\/lalectora-cafeteria-cadiz-1024x684.webp\" class=\"attachment-large size-large wp-image-1125\" alt=\"La lectora cafeter\u00eda en C\u00e1diz\" srcset=\"https:\/\/lalectora.com\/wp-content\/uploads\/2023\/07\/lalectora-cafeteria-cadiz-1024x684.webp 1024w, https:\/\/lalectora.com\/wp-content\/uploads\/2023\/07\/lalectora-cafeteria-cadiz-300x200.webp 300w, https:\/\/lalectora.com\/wp-content\/uploads\/2023\/07\/lalectora-cafeteria-cadiz-768x513.webp 768w, https:\/\/lalectora.com\/wp-content\/uploads\/2023\/07\/lalectora-cafeteria-cadiz-1536x1025.webp 1536w, https:\/\/lalectora.com\/wp-content\/uploads\/2023\/07\/lalectora-cafeteria-cadiz-2048x1367.webp 2048w, https:\/\/lalectora.com\/wp-content\/uploads\/2023\/07\/lalectora-cafeteria-cadiz-18x12.webp 18w\" sizes=\"(max-width: 800px) 100vw, 800px\" \/>\t\t\t\t\t\t\t\t\t\t\t\t\t\t\t<\/div>\n\t\t\t\t<\/div>\n\t\t<div class=\"elementor-element elementor-element-a0f44b7 e-con-full e-flex e-con e-child\" data-id=\"a0f44b7\" data-element_type=\"container\">\n\t\t\t\t<div class=\"elementor-element elementor-element-8bbe3a1 elementor-widget__width-inherit elementor-widget elementor-widget-text-editor\" data-id=\"8bbe3a1\" data-element_type=\"widget\" data-widget_type=\"text-editor.default\">\n\t\t\t\t<div class=\"elementor-widget-container\">\n\t\t\t\t\t\t\t\t\t<p>Where we are located:<br \/><a href=\"https:\/\/goo.gl\/maps\/iNCUGSREuaAbgvae9\"><strong>C. Ancha, 32, 11001 C\u00e1diz<\/strong><\/a><\/p>\t\t\t\t\t\t\t\t<\/div>\n\t\t\t\t<\/div>\n\t\t\t\t<div class=\"elementor-element elementor-element-f74bd0b elementor-align-right elementor-tablet-align-left elementor-widget-tablet__width-auto elementor-widget-mobile__width-auto elementor-invisible elementor-widget elementor-widget-button\" data-id=\"f74bd0b\" data-element_type=\"widget\" data-settings=\"{&quot;_animation&quot;:&quot;fadeInUp&quot;}\" data-widget_type=\"button.default\">\n\t\t\t\t<div class=\"elementor-widget-container\">\n\t\t\t\t\t\t\t\t\t<div class=\"elementor-button-wrapper\">\n\t\t\t\t\t<a class=\"elementor-button elementor-button-link elementor-size-md\" href=\"mailto:hola@lalectora.com\" target=\"_blank\">\n\t\t\t\t\t\t<span class=\"elementor-button-content-wrapper\">\n\t\t\t\t\t\t\t\t\t<span class=\"elementor-button-text\">Mail<\/span>\n\t\t\t\t\t<\/span>\n\t\t\t\t\t<\/a>\n\t\t\t\t<\/div>\n\t\t\t\t\t\t\t\t<\/div>\n\t\t\t\t<\/div>\n\t\t\t\t<div class=\"elementor-element elementor-element-259a17b elementor-align-right elementor-tablet-align-left elementor-widget-tablet__width-auto elementor-widget-mobile__width-auto elementor-invisible elementor-widget elementor-widget-button\" data-id=\"259a17b\" data-element_type=\"widget\" data-settings=\"{&quot;_animation&quot;:&quot;fadeInUp&quot;}\" data-widget_type=\"button.default\">\n\t\t\t\t<div class=\"elementor-widget-container\">\n\t\t\t\t\t\t\t\t\t<div class=\"elementor-button-wrapper\">\n\t\t\t\t\t<a class=\"elementor-button elementor-button-link elementor-size-md\" href=\"https:\/\/api.whatsapp.com\/send?phone=34629572567\">\n\t\t\t\t\t\t<span class=\"elementor-button-content-wrapper\">\n\t\t\t\t\t\t\t\t\t<span class=\"elementor-button-text\">WhatsApp<\/span>\n\t\t\t\t\t<\/span>\n\t\t\t\t\t<\/a>\n\t\t\t\t<\/div>\n\t\t\t\t\t\t\t\t<\/div>\n\t\t\t\t<\/div>\n\t\t\t\t<\/div>\n\t\t\t\t<\/div>\n\t\t\t\t\t<\/div>\n\t\t\t\t<\/div>\n\t\t\t\t<\/div>","protected":false},"excerpt":{"rendered":"<p>Tu espacio para disfrutar de la cultura El proyecto es la pasi\u00f3n que La Lectora tiene con los libros, los productos nuevos naturales y el mundo del caf\u00e9 y el t\u00e9 sin olvidarnos de nuestros productos tradicionales.\u00a0 Es un espacio para disfrutar y abierto a los eventos culturales. \u00bfQuieres presentar tu libro? \u00bfParticipar en la [&hellip;]<\/p>","protected":false},"author":1,"featured_media":1039,"parent":0,"menu_order":0,"comment_status":"closed","ping_status":"closed","template":"","meta":{"footnotes":""},"class_list":["post-935","page","type-page","status-publish","has-post-thumbnail","hentry"],"yoast_head":"<!-- This site is optimized with the Yoast SEO plugin v26.1.1 - https:\/\/yoast.com\/wordpress\/plugins\/seo\/ -->\n<title>Cont\u00e1ctanos - La Lectora<\/title>\n<meta name=\"description\" content=\"\u00bfQuieres presentar tu libro? \u00bfParticipar en la exposici\u00f3n de nuestra cafeter\u00eda? \u00bfTienes alg\u00fan proyecto que te gustar\u00eda exponer? \u00a1Cont\u00e1ctanos!\" \/>\n<meta name=\"robots\" content=\"index, follow, max-snippet:-1, max-image-preview:large, max-video-preview:-1\" \/>\n<link rel=\"canonical\" href=\"https:\/\/lalectora.com\/en\/contacto\/\" \/>\n<meta property=\"og:locale\" content=\"en_GB\" \/>\n<meta property=\"og:type\" content=\"article\" \/>\n<meta property=\"og:title\" content=\"Cont\u00e1ctanos - La Lectora\" \/>\n<meta property=\"og:description\" content=\"\u00bfQuieres presentar tu libro? \u00bfParticipar en la exposici\u00f3n de nuestra cafeter\u00eda? \u00bfTienes alg\u00fan proyecto que te gustar\u00eda exponer? \u00a1Cont\u00e1ctanos!\" \/>\n<meta property=\"og:url\" content=\"https:\/\/lalectora.com\/en\/contacto\/\" \/>\n<meta property=\"og:site_name\" content=\"La Lectora\" \/>\n<meta property=\"article:publisher\" content=\"https:\/\/www.facebook.com\/lalectoracafeliterario\" \/>\n<meta property=\"article:modified_time\" content=\"2023-07-15T17:19:33+00:00\" \/>\n<meta property=\"og:image\" content=\"https:\/\/lalectora.com\/wp-content\/uploads\/2023\/06\/Loli-corral-la-lectora.webp\" \/>\n\t<meta property=\"og:image:width\" content=\"942\" \/>\n\t<meta property=\"og:image:height\" content=\"678\" \/>\n\t<meta property=\"og:image:type\" content=\"image\/webp\" \/>\n<meta name=\"twitter:card\" content=\"summary_large_image\" \/>\n<meta name=\"twitter:label1\" content=\"Estimated reading time\" \/>\n\t<meta name=\"twitter:data1\" content=\"1 minute\" \/>\n<script type=\"application\/ld+json\" class=\"yoast-schema-graph\">{\"@context\":\"https:\/\/schema.org\",\"@graph\":[{\"@type\":\"WebPage\",\"@id\":\"https:\/\/lalectora.com\/contacto\/\",\"url\":\"https:\/\/lalectora.com\/contacto\/\",\"name\":\"Cont\u00e1ctanos - La Lectora\",\"isPartOf\":{\"@id\":\"https:\/\/lalectora.com\/#website\"},\"primaryImageOfPage\":{\"@id\":\"https:\/\/lalectora.com\/contacto\/#primaryimage\"},\"image\":{\"@id\":\"https:\/\/lalectora.com\/contacto\/#primaryimage\"},\"thumbnailUrl\":\"https:\/\/lalectora.com\/wp-content\/uploads\/2023\/06\/Loli-corral-la-lectora.webp\",\"datePublished\":\"2023-06-28T16:41:52+00:00\",\"dateModified\":\"2023-07-15T17:19:33+00:00\",\"description\":\"\u00bfQuieres presentar tu libro? \u00bfParticipar en la exposici\u00f3n de nuestra cafeter\u00eda? \u00bfTienes alg\u00fan proyecto que te gustar\u00eda exponer? \u00a1Cont\u00e1ctanos!\",\"breadcrumb\":{\"@id\":\"https:\/\/lalectora.com\/contacto\/#breadcrumb\"},\"inLanguage\":\"en-GB\",\"potentialAction\":[{\"@type\":\"ReadAction\",\"target\":[\"https:\/\/lalectora.com\/contacto\/\"]}]},{\"@type\":\"ImageObject\",\"inLanguage\":\"en-GB\",\"@id\":\"https:\/\/lalectora.com\/contacto\/#primaryimage\",\"url\":\"https:\/\/lalectora.com\/wp-content\/uploads\/2023\/06\/Loli-corral-la-lectora.webp\",\"contentUrl\":\"https:\/\/lalectora.com\/wp-content\/uploads\/2023\/06\/Loli-corral-la-lectora.webp\",\"width\":942,\"height\":678,\"caption\":\"Loli Corral la due\u00f1a de la cafeter\u00eda La Lectora en C\u00e1diz\"},{\"@type\":\"BreadcrumbList\",\"@id\":\"https:\/\/lalectora.com\/contacto\/#breadcrumb\",\"itemListElement\":[{\"@type\":\"ListItem\",\"position\":1,\"name\":\"Portada\",\"item\":\"https:\/\/lalectora.com\/\"},{\"@type\":\"ListItem\",\"position\":2,\"name\":\"Contacto\"}]},{\"@type\":\"WebSite\",\"@id\":\"https:\/\/lalectora.com\/#website\",\"url\":\"https:\/\/lalectora.com\/\",\"name\":\"La Lectora\",\"description\":\"Cafeter\u00eda en C\u00e1diz\",\"publisher\":{\"@id\":\"https:\/\/lalectora.com\/#organization\"},\"potentialAction\":[{\"@type\":\"SearchAction\",\"target\":{\"@type\":\"EntryPoint\",\"urlTemplate\":\"https:\/\/lalectora.com\/?s={search_term_string}\"},\"query-input\":{\"@type\":\"PropertyValueSpecification\",\"valueRequired\":true,\"valueName\":\"search_term_string\"}}],\"inLanguage\":\"en-GB\"},{\"@type\":\"Organization\",\"@id\":\"https:\/\/lalectora.com\/#organization\",\"name\":\"La Lectora cafeter\u00eda literaria\",\"url\":\"https:\/\/lalectora.com\/\",\"logo\":{\"@type\":\"ImageObject\",\"inLanguage\":\"en-GB\",\"@id\":\"https:\/\/lalectora.com\/#\/schema\/logo\/image\/\",\"url\":\"https:\/\/lalectora.com\/wp-content\/uploads\/2023\/02\/lalectora-logo.png\",\"contentUrl\":\"https:\/\/lalectora.com\/wp-content\/uploads\/2023\/02\/lalectora-logo.png\",\"width\":462,\"height\":91,\"caption\":\"La Lectora cafeter\u00eda literaria\"},\"image\":{\"@id\":\"https:\/\/lalectora.com\/#\/schema\/logo\/image\/\"},\"sameAs\":[\"https:\/\/www.facebook.com\/lalectoracafeliterario\",\"https:\/\/www.instagram.com\/lalectoracadiz\/\"]}]}<\/script>\n<!-- \/ Yoast SEO plugin. -->","yoast_head_json":{"title":"Cont\u00e1ctanos - La Lectora","description":"\u00bfQuieres presentar tu libro? \u00bfParticipar en la exposici\u00f3n de nuestra cafeter\u00eda? \u00bfTienes alg\u00fan proyecto que te gustar\u00eda exponer? \u00a1Cont\u00e1ctanos!","robots":{"index":"index","follow":"follow","max-snippet":"max-snippet:-1","max-image-preview":"max-image-preview:large","max-video-preview":"max-video-preview:-1"},"canonical":"https:\/\/lalectora.com\/en\/contacto\/","og_locale":"en_GB","og_type":"article","og_title":"Cont\u00e1ctanos - La Lectora","og_description":"\u00bfQuieres presentar tu libro? \u00bfParticipar en la exposici\u00f3n de nuestra cafeter\u00eda? \u00bfTienes alg\u00fan proyecto que te gustar\u00eda exponer? \u00a1Cont\u00e1ctanos!","og_url":"https:\/\/lalectora.com\/en\/contacto\/","og_site_name":"La Lectora","article_publisher":"https:\/\/www.facebook.com\/lalectoracafeliterario","article_modified_time":"2023-07-15T17:19:33+00:00","og_image":[{"width":942,"height":678,"url":"https:\/\/lalectora.com\/wp-content\/uploads\/2023\/06\/Loli-corral-la-lectora.webp","type":"image\/webp"}],"twitter_card":"summary_large_image","twitter_misc":{"Estimated reading time":"1 minute"},"schema":{"@context":"https:\/\/schema.org","@graph":[{"@type":"WebPage","@id":"https:\/\/lalectora.com\/contacto\/","url":"https:\/\/lalectora.com\/contacto\/","name":"Cont\u00e1ctanos - La Lectora","isPartOf":{"@id":"https:\/\/lalectora.com\/#website"},"primaryImageOfPage":{"@id":"https:\/\/lalectora.com\/contacto\/#primaryimage"},"image":{"@id":"https:\/\/lalectora.com\/contacto\/#primaryimage"},"thumbnailUrl":"https:\/\/lalectora.com\/wp-content\/uploads\/2023\/06\/Loli-corral-la-lectora.webp","datePublished":"2023-06-28T16:41:52+00:00","dateModified":"2023-07-15T17:19:33+00:00","description":"\u00bfQuieres presentar tu libro? \u00bfParticipar en la exposici\u00f3n de nuestra cafeter\u00eda? \u00bfTienes alg\u00fan proyecto que te gustar\u00eda exponer? \u00a1Cont\u00e1ctanos!","breadcrumb":{"@id":"https:\/\/lalectora.com\/contacto\/#breadcrumb"},"inLanguage":"en-GB","potentialAction":[{"@type":"ReadAction","target":["https:\/\/lalectora.com\/contacto\/"]}]},{"@type":"ImageObject","inLanguage":"en-GB","@id":"https:\/\/lalectora.com\/contacto\/#primaryimage","url":"https:\/\/lalectora.com\/wp-content\/uploads\/2023\/06\/Loli-corral-la-lectora.webp","contentUrl":"https:\/\/lalectora.com\/wp-content\/uploads\/2023\/06\/Loli-corral-la-lectora.webp","width":942,"height":678,"caption":"Loli Corral la due\u00f1a de la cafeter\u00eda La Lectora en C\u00e1diz"},{"@type":"BreadcrumbList","@id":"https:\/\/lalectora.com\/contacto\/#breadcrumb","itemListElement":[{"@type":"ListItem","position":1,"name":"Portada","item":"https:\/\/lalectora.com\/"},{"@type":"ListItem","position":2,"name":"Contacto"}]},{"@type":"WebSite","@id":"https:\/\/lalectora.com\/#website","url":"https:\/\/lalectora.com\/","name":"La Lectora","description":"Cafeter\u00eda en C\u00e1diz","publisher":{"@id":"https:\/\/lalectora.com\/#organization"},"potentialAction":[{"@type":"SearchAction","target":{"@type":"EntryPoint","urlTemplate":"https:\/\/lalectora.com\/?s={search_term_string}"},"query-input":{"@type":"PropertyValueSpecification","valueRequired":true,"valueName":"search_term_string"}}],"inLanguage":"en-GB"},{"@type":"Organization","@id":"https:\/\/lalectora.com\/#organization","name":"La Lectora cafeter\u00eda literaria","url":"https:\/\/lalectora.com\/","logo":{"@type":"ImageObject","inLanguage":"en-GB","@id":"https:\/\/lalectora.com\/#\/schema\/logo\/image\/","url":"https:\/\/lalectora.com\/wp-content\/uploads\/2023\/02\/lalectora-logo.png","contentUrl":"https:\/\/lalectora.com\/wp-content\/uploads\/2023\/02\/lalectora-logo.png","width":462,"height":91,"caption":"La Lectora cafeter\u00eda literaria"},"image":{"@id":"https:\/\/lalectora.com\/#\/schema\/logo\/image\/"},"sameAs":["https:\/\/www.facebook.com\/lalectoracafeliterario","https:\/\/www.instagram.com\/lalectoracadiz\/"]}]}},"_links":{"self":[{"href":"https:\/\/lalectora.com\/en\/wp-json\/wp\/v2\/pages\/935","targetHints":{"allow":["GET"]}}],"collection":[{"href":"https:\/\/lalectora.com\/en\/wp-json\/wp\/v2\/pages"}],"about":[{"href":"https:\/\/lalectora.com\/en\/wp-json\/wp\/v2\/types\/page"}],"author":[{"embeddable":true,"href":"https:\/\/lalectora.com\/en\/wp-json\/wp\/v2\/users\/1"}],"replies":[{"embeddable":true,"href":"https:\/\/lalectora.com\/en\/wp-json\/wp\/v2\/comments?post=935"}],"version-history":[{"count":31,"href":"https:\/\/lalectora.com\/en\/wp-json\/wp\/v2\/pages\/935\/revisions"}],"predecessor-version":[{"id":1128,"href":"https:\/\/lalectora.com\/en\/wp-json\/wp\/v2\/pages\/935\/revisions\/1128"}],"wp:featuredmedia":[{"embeddable":true,"href":"https:\/\/lalectora.com\/en\/wp-json\/wp\/v2\/media\/1039"}],"wp:attachment":[{"href":"https:\/\/lalectora.com\/en\/wp-json\/wp\/v2\/media?parent=935"}],"curies":[{"name":"wp","href":"https:\/\/api.w.org\/{rel}","templated":true}]}}