{"id":1319,"date":"2024-07-05T11:05:28","date_gmt":"2024-07-05T10:05:28","guid":{"rendered":"https:\/\/lalectora.com\/?page_id=1319"},"modified":"2025-05-05T08:45:59","modified_gmt":"2025-05-05T07:45:59","slug":"blog","status":"publish","type":"page","link":"https:\/\/lalectora.com\/en\/blog\/","title":{"rendered":"Blog"},"content":{"rendered":"<div data-elementor-type=\"wp-page\" data-elementor-id=\"1319\" class=\"elementor elementor-1319\" data-elementor-post-type=\"page\">\n\t\t\t\t<div class=\"elementor-element elementor-element-839008e e-flex e-con-boxed e-con e-parent\" data-id=\"839008e\" data-element_type=\"container\" data-settings=\"{&quot;background_background&quot;:&quot;classic&quot;}\">\n\t\t\t\t\t<div class=\"e-con-inner\">\n\t\t\t\t<div class=\"elementor-element elementor-element-caa5114 elementor-widget__width-inherit elementor-widget elementor-widget-heading\" data-id=\"caa5114\" data-element_type=\"widget\" data-widget_type=\"heading.default\">\n\t\t\t\t<div class=\"elementor-widget-container\">\n\t\t\t\t\t<h1 class=\"elementor-heading-title elementor-size-default\">El blog de La Lectora<\/h1>\t\t\t\t<\/div>\n\t\t\t\t<\/div>\n\t\t<div class=\"elementor-element elementor-element-8c5510e e-con-full e-flex e-con e-child\" data-id=\"8c5510e\" data-element_type=\"container\">\n\t\t\t\t<div class=\"elementor-element elementor-element-64ad447 elementor-grid-2 elementor-grid-tablet-2 elementor-grid-mobile-1 elementor-widget elementor-widget-loop-grid\" data-id=\"64ad447\" data-element_type=\"widget\" data-settings=\"{&quot;template_id&quot;:1335,&quot;columns&quot;:2,&quot;row_gap&quot;:{&quot;unit&quot;:&quot;px&quot;,&quot;size&quot;:60,&quot;sizes&quot;:[]},&quot;_skin&quot;:&quot;post&quot;,&quot;columns_tablet&quot;:&quot;2&quot;,&quot;columns_mobile&quot;:&quot;1&quot;,&quot;edit_handle_selector&quot;:&quot;[data-elementor-type=\\&quot;loop-item\\&quot;]&quot;,&quot;row_gap_tablet&quot;:{&quot;unit&quot;:&quot;px&quot;,&quot;size&quot;:&quot;&quot;,&quot;sizes&quot;:[]},&quot;row_gap_mobile&quot;:{&quot;unit&quot;:&quot;px&quot;,&quot;size&quot;:&quot;&quot;,&quot;sizes&quot;:[]}}\" data-widget_type=\"loop-grid.post\">\n\t\t\t\t<div class=\"elementor-widget-container\">\n\t\t\t\t\t\t\t<div class=\"elementor-loop-container elementor-grid\" role=\"list\">\n\t\t<style id=\"loop-1335\">.elementor-1335 .elementor-element.elementor-element-9dc409a{--display:flex;--flex-direction:column;--container-widget-width:100%;--container-widget-height:initial;--container-widget-flex-grow:0;--container-widget-align-self:initial;--flex-wrap-mobile:wrap;}.elementor-widget-theme-post-featured-image .widget-image-caption{color:var( --e-global-color-text );font-family:var( --e-global-typography-text-font-family ), Sans-serif;font-size:var( --e-global-typography-text-font-size );font-weight:var( --e-global-typography-text-font-weight );line-height:var( --e-global-typography-text-line-height );}.elementor-1335 .elementor-element.elementor-element-b3c1341 > .elementor-widget-container{margin:0px 0px 20px 0px;}.elementor-widget-theme-post-title .elementor-heading-title{font-family:var( --e-global-typography-primary-font-family ), Sans-serif;font-size:var( --e-global-typography-primary-font-size );font-weight:var( --e-global-typography-primary-font-weight );color:var( --e-global-color-primary );}.elementor-1335 .elementor-element.elementor-element-bfe7bdb > .elementor-widget-container{margin:0px 0px 2px 0px;}.elementor-1335 .elementor-element.elementor-element-bfe7bdb .elementor-heading-title{font-family:\"Open Sans\", Sans-serif;font-size:20px;font-weight:800;line-height:1em;color:#79BDB3;}.elementor-widget-theme-post-excerpt .elementor-widget-container{font-family:var( --e-global-typography-text-font-family ), Sans-serif;font-size:var( --e-global-typography-text-font-size );font-weight:var( --e-global-typography-text-font-weight );line-height:var( --e-global-typography-text-line-height );color:var( --e-global-color-text );}.elementor-1335 .elementor-element.elementor-element-471f8aa .elementor-widget-container{font-family:\"Open Sans\", Sans-serif;font-size:13px;font-weight:400;line-height:1.25em;color:var( --e-global-color-primary );}.elementor-widget-button .elementor-button{background-color:var( --e-global-color-accent );font-family:var( --e-global-typography-accent-font-family ), Sans-serif;font-size:var( --e-global-typography-accent-font-size );font-weight:var( --e-global-typography-accent-font-weight );line-height:var( --e-global-typography-accent-line-height );}.elementor-1335 .elementor-element.elementor-element-6863c3e .elementor-button{background-color:#FFFFFF00;font-family:\"Open Sans\", Sans-serif;font-size:13px;font-weight:800;line-height:1em;border-style:none;border-radius:0px 0px 0px 0px;padding:0px 0px 0px 0px;}@media(max-width:1024px){.elementor-widget-theme-post-featured-image .widget-image-caption{font-size:var( --e-global-typography-text-font-size );line-height:var( --e-global-typography-text-line-height );}.elementor-widget-theme-post-title .elementor-heading-title{font-size:var( --e-global-typography-primary-font-size );}.elementor-widget-theme-post-excerpt .elementor-widget-container{font-size:var( --e-global-typography-text-font-size );line-height:var( --e-global-typography-text-line-height );}.elementor-widget-button .elementor-button{font-size:var( --e-global-typography-accent-font-size );line-height:var( --e-global-typography-accent-line-height );}}@media(max-width:767px){.elementor-widget-theme-post-featured-image .widget-image-caption{font-size:var( --e-global-typography-text-font-size );line-height:var( --e-global-typography-text-line-height );}.elementor-1335 .elementor-element.elementor-element-b3c1341 > .elementor-widget-container{margin:0px 0px 15px 0px;}.elementor-widget-theme-post-title .elementor-heading-title{font-size:var( --e-global-typography-primary-font-size );}.elementor-widget-theme-post-excerpt .elementor-widget-container{font-size:var( --e-global-typography-text-font-size );line-height:var( --e-global-typography-text-line-height );}.elementor-widget-button .elementor-button{font-size:var( --e-global-typography-accent-font-size );line-height:var( --e-global-typography-accent-line-height );}}<\/style>\t\t<div data-elementor-type=\"loop-item\" data-elementor-id=\"1335\" class=\"elementor elementor-1335 e-loop-item e-loop-item-1519 post-1519 post type-post status-publish format-standard has-post-thumbnail hentry category-cafe-literario tag-historia\" data-elementor-post-type=\"elementor_library\" data-custom-edit-handle=\"1\">\n\t\t\t<div class=\"elementor-element elementor-element-9dc409a e-flex e-con-boxed e-con e-parent\" data-id=\"9dc409a\" data-element_type=\"container\">\n\t\t\t\t\t<div class=\"e-con-inner\">\n\t\t\t\t<div class=\"elementor-element elementor-element-b3c1341 elementor-widget elementor-widget-theme-post-featured-image elementor-widget-image\" data-id=\"b3c1341\" data-element_type=\"widget\" data-widget_type=\"theme-post-featured-image.default\">\n\t\t\t\t<div class=\"elementor-widget-container\">\n\t\t\t\t\t\t\t\t\t\t\t\t\t\t\t\t<a href=\"https:\/\/lalectora.com\/en\/del-eco-de-paris-a-la-lectora\/\">\n\t\t\t\t\t\t\t<img fetchpriority=\"high\" decoding=\"async\" width=\"800\" height=\"535\" src=\"https:\/\/lalectora.com\/wp-content\/uploads\/2025\/04\/eco-de-paris-1024x685.webp\" class=\"attachment-large size-large wp-image-1520\" alt=\"\" srcset=\"https:\/\/lalectora.com\/wp-content\/uploads\/2025\/04\/eco-de-paris-1024x685.webp 1024w, https:\/\/lalectora.com\/wp-content\/uploads\/2025\/04\/eco-de-paris-300x201.webp 300w, https:\/\/lalectora.com\/wp-content\/uploads\/2025\/04\/eco-de-paris-768x514.webp 768w, https:\/\/lalectora.com\/wp-content\/uploads\/2025\/04\/eco-de-paris-1536x1028.webp 1536w, https:\/\/lalectora.com\/wp-content\/uploads\/2025\/04\/eco-de-paris-18x12.webp 18w, https:\/\/lalectora.com\/wp-content\/uploads\/2025\/04\/eco-de-paris.webp 1600w\" sizes=\"(max-width: 800px) 100vw, 800px\" \/>\t\t\t\t\t\t\t\t<\/a>\n\t\t\t\t\t\t\t\t\t\t\t\t\t\t\t<\/div>\n\t\t\t\t<\/div>\n\t\t\t\t<div class=\"elementor-element elementor-element-bfe7bdb elementor-widget elementor-widget-theme-post-title elementor-page-title elementor-widget-heading\" data-id=\"bfe7bdb\" data-element_type=\"widget\" data-widget_type=\"theme-post-title.default\">\n\t\t\t\t<div class=\"elementor-widget-container\">\n\t\t\t\t\t<h2 class=\"elementor-heading-title elementor-size-default\"><a href=\"https:\/\/lalectora.com\/en\/del-eco-de-paris-a-la-lectora\/\">Del Eco de Par\u00eds a La Lectora<\/a><\/h2>\t\t\t\t<\/div>\n\t\t\t\t<\/div>\n\t\t\t\t<div class=\"elementor-element elementor-element-471f8aa elementor-widget elementor-widget-theme-post-excerpt\" data-id=\"471f8aa\" data-element_type=\"widget\" data-widget_type=\"theme-post-excerpt.default\">\n\t\t\t\t<div class=\"elementor-widget-container\">\n\t\t\t\t\tConfirmamos que se puede contar la historia de una ciudad bas\u00e1ndonos en sus comercios y costumbres.\t\t\t\t<\/div>\n\t\t\t\t<\/div>\n\t\t\t\t<div class=\"elementor-element elementor-element-6863c3e elementor-widget elementor-widget-button\" data-id=\"6863c3e\" data-element_type=\"widget\" data-widget_type=\"button.default\">\n\t\t\t\t<div class=\"elementor-widget-container\">\n\t\t\t\t\t\t\t\t\t<div class=\"elementor-button-wrapper\">\n\t\t\t\t\t<a class=\"elementor-button elementor-button-link elementor-size-sm\" href=\"https:\/\/lalectora.com\/en\/del-eco-de-paris-a-la-lectora\/\">\n\t\t\t\t\t\t<span class=\"elementor-button-content-wrapper\">\n\t\t\t\t\t\t\t\t\t<span class=\"elementor-button-text\">View more<\/span>\n\t\t\t\t\t<\/span>\n\t\t\t\t\t<\/a>\n\t\t\t\t<\/div>\n\t\t\t\t\t\t\t\t<\/div>\n\t\t\t\t<\/div>\n\t\t\t\t\t<\/div>\n\t\t\t\t<\/div>\n\t\t\t\t<\/div>\n\t\t\t\t<div data-elementor-type=\"loop-item\" data-elementor-id=\"1335\" class=\"elementor elementor-1335 e-loop-item e-loop-item-1512 post-1512 post type-post status-publish format-standard has-post-thumbnail hentry category-cafe-literario tag-novela tag-surf\" data-elementor-post-type=\"elementor_library\" data-custom-edit-handle=\"1\">\n\t\t\t<div class=\"elementor-element elementor-element-9dc409a e-flex e-con-boxed e-con e-parent\" data-id=\"9dc409a\" data-element_type=\"container\">\n\t\t\t\t\t<div class=\"e-con-inner\">\n\t\t\t\t<div class=\"elementor-element elementor-element-b3c1341 elementor-widget elementor-widget-theme-post-featured-image elementor-widget-image\" data-id=\"b3c1341\" data-element_type=\"widget\" data-widget_type=\"theme-post-featured-image.default\">\n\t\t\t\t<div class=\"elementor-widget-container\">\n\t\t\t\t\t\t\t\t\t\t\t\t\t\t\t\t<a href=\"https:\/\/lalectora.com\/en\/respira-o-como-leer-y-escuchar-el-mar-de-fondo\/\">\n\t\t\t\t\t\t\t<img decoding=\"async\" width=\"800\" height=\"534\" src=\"https:\/\/lalectora.com\/wp-content\/uploads\/2025\/03\/Diseno-sin-titulo-_24_-1024x683.webp\" class=\"attachment-large size-large wp-image-1515\" alt=\"\" srcset=\"https:\/\/lalectora.com\/wp-content\/uploads\/2025\/03\/Diseno-sin-titulo-_24_-1024x683.webp 1024w, https:\/\/lalectora.com\/wp-content\/uploads\/2025\/03\/Diseno-sin-titulo-_24_-300x200.webp 300w, https:\/\/lalectora.com\/wp-content\/uploads\/2025\/03\/Diseno-sin-titulo-_24_-768x512.webp 768w, https:\/\/lalectora.com\/wp-content\/uploads\/2025\/03\/Diseno-sin-titulo-_24_-1536x1024.webp 1536w, https:\/\/lalectora.com\/wp-content\/uploads\/2025\/03\/Diseno-sin-titulo-_24_-2048x1366.webp 2048w, https:\/\/lalectora.com\/wp-content\/uploads\/2025\/03\/Diseno-sin-titulo-_24_-18x12.webp 18w\" sizes=\"(max-width: 800px) 100vw, 800px\" \/>\t\t\t\t\t\t\t\t<\/a>\n\t\t\t\t\t\t\t\t\t\t\t\t\t\t\t<\/div>\n\t\t\t\t<\/div>\n\t\t\t\t<div class=\"elementor-element elementor-element-bfe7bdb elementor-widget elementor-widget-theme-post-title elementor-page-title elementor-widget-heading\" data-id=\"bfe7bdb\" data-element_type=\"widget\" data-widget_type=\"theme-post-title.default\">\n\t\t\t\t<div class=\"elementor-widget-container\">\n\t\t\t\t\t<h2 class=\"elementor-heading-title elementor-size-default\"><a href=\"https:\/\/lalectora.com\/en\/respira-o-como-leer-y-escuchar-el-mar-de-fondo\/\">Respira. O c\u00f3mo leer y escuchar el mar de fondo.<\/a><\/h2>\t\t\t\t<\/div>\n\t\t\t\t<\/div>\n\t\t\t\t<div class=\"elementor-element elementor-element-471f8aa elementor-widget elementor-widget-theme-post-excerpt\" data-id=\"471f8aa\" data-element_type=\"widget\" data-widget_type=\"theme-post-excerpt.default\">\n\t\t\t\t<div class=\"elementor-widget-container\">\n\t\t\t\t\tRespira es el t\u00edpico libro para llevarse a la playa. Respira habla de eso. De la playa, del mar y de c\u00f3mo un par de amigos adolescentes consiguen evadirse de la mala vida a la que los j\u00f3venes de su edad est\u00e1n destinados en su viejo pueblo.\t\t\t\t<\/div>\n\t\t\t\t<\/div>\n\t\t\t\t<div class=\"elementor-element elementor-element-6863c3e elementor-widget elementor-widget-button\" data-id=\"6863c3e\" data-element_type=\"widget\" data-widget_type=\"button.default\">\n\t\t\t\t<div class=\"elementor-widget-container\">\n\t\t\t\t\t\t\t\t\t<div class=\"elementor-button-wrapper\">\n\t\t\t\t\t<a class=\"elementor-button elementor-button-link elementor-size-sm\" href=\"https:\/\/lalectora.com\/en\/respira-o-como-leer-y-escuchar-el-mar-de-fondo\/\">\n\t\t\t\t\t\t<span class=\"elementor-button-content-wrapper\">\n\t\t\t\t\t\t\t\t\t<span class=\"elementor-button-text\">View more<\/span>\n\t\t\t\t\t<\/span>\n\t\t\t\t\t<\/a>\n\t\t\t\t<\/div>\n\t\t\t\t\t\t\t\t<\/div>\n\t\t\t\t<\/div>\n\t\t\t\t\t<\/div>\n\t\t\t\t<\/div>\n\t\t\t\t<\/div>\n\t\t\t\t<div data-elementor-type=\"loop-item\" data-elementor-id=\"1335\" class=\"elementor elementor-1335 e-loop-item e-loop-item-1492 post-1492 post type-post status-publish format-standard has-post-thumbnail hentry category-cultura tag-cocina tag-novela\" data-elementor-post-type=\"elementor_library\" data-custom-edit-handle=\"1\">\n\t\t\t<div class=\"elementor-element elementor-element-9dc409a e-flex e-con-boxed e-con e-parent\" data-id=\"9dc409a\" data-element_type=\"container\">\n\t\t\t\t\t<div class=\"e-con-inner\">\n\t\t\t\t<div class=\"elementor-element elementor-element-b3c1341 elementor-widget elementor-widget-theme-post-featured-image elementor-widget-image\" data-id=\"b3c1341\" data-element_type=\"widget\" data-widget_type=\"theme-post-featured-image.default\">\n\t\t\t\t<div class=\"elementor-widget-container\">\n\t\t\t\t\t\t\t\t\t\t\t\t\t\t\t\t<a href=\"https:\/\/lalectora.com\/en\/entorno\/\">\n\t\t\t\t\t\t\t<img decoding=\"async\" width=\"800\" height=\"534\" src=\"https:\/\/lalectora.com\/wp-content\/uploads\/2025\/02\/entorno-miel-2-1024x683.webp\" class=\"attachment-large size-large wp-image-1494\" alt=\"\" srcset=\"https:\/\/lalectora.com\/wp-content\/uploads\/2025\/02\/entorno-miel-2-1024x683.webp 1024w, https:\/\/lalectora.com\/wp-content\/uploads\/2025\/02\/entorno-miel-2-300x200.webp 300w, https:\/\/lalectora.com\/wp-content\/uploads\/2025\/02\/entorno-miel-2-768x512.webp 768w, https:\/\/lalectora.com\/wp-content\/uploads\/2025\/02\/entorno-miel-2-1536x1024.webp 1536w, https:\/\/lalectora.com\/wp-content\/uploads\/2025\/02\/entorno-miel-2-2048x1365.webp 2048w, https:\/\/lalectora.com\/wp-content\/uploads\/2025\/02\/entorno-miel-2-18x12.webp 18w\" sizes=\"(max-width: 800px) 100vw, 800px\" \/>\t\t\t\t\t\t\t\t<\/a>\n\t\t\t\t\t\t\t\t\t\t\t\t\t\t\t<\/div>\n\t\t\t\t<\/div>\n\t\t\t\t<div class=\"elementor-element elementor-element-bfe7bdb elementor-widget elementor-widget-theme-post-title elementor-page-title elementor-widget-heading\" data-id=\"bfe7bdb\" data-element_type=\"widget\" data-widget_type=\"theme-post-title.default\">\n\t\t\t\t<div class=\"elementor-widget-container\">\n\t\t\t\t\t<h2 class=\"elementor-heading-title elementor-size-default\"><a href=\"https:\/\/lalectora.com\/en\/entorno\/\">Entorno<\/a><\/h2>\t\t\t\t<\/div>\n\t\t\t\t<\/div>\n\t\t\t\t<div class=\"elementor-element elementor-element-471f8aa elementor-widget elementor-widget-theme-post-excerpt\" data-id=\"471f8aa\" data-element_type=\"widget\" data-widget_type=\"theme-post-excerpt.default\">\n\t\t\t\t<div class=\"elementor-widget-container\">\n\t\t\t\t\tLeer Entorno es saborear con los ojos, aprender con el paladar y, sobre todo, disfrutar tanto como cuando com\u00edamos en la mesa de la abuela acompa\u00f1ando las lentejas con pan al volver de montar en bici por el pueblo.\t\t\t\t<\/div>\n\t\t\t\t<\/div>\n\t\t\t\t<div class=\"elementor-element elementor-element-6863c3e elementor-widget elementor-widget-button\" data-id=\"6863c3e\" data-element_type=\"widget\" data-widget_type=\"button.default\">\n\t\t\t\t<div class=\"elementor-widget-container\">\n\t\t\t\t\t\t\t\t\t<div class=\"elementor-button-wrapper\">\n\t\t\t\t\t<a class=\"elementor-button elementor-button-link elementor-size-sm\" href=\"https:\/\/lalectora.com\/en\/entorno\/\">\n\t\t\t\t\t\t<span class=\"elementor-button-content-wrapper\">\n\t\t\t\t\t\t\t\t\t<span class=\"elementor-button-text\">View more<\/span>\n\t\t\t\t\t<\/span>\n\t\t\t\t\t<\/a>\n\t\t\t\t<\/div>\n\t\t\t\t\t\t\t\t<\/div>\n\t\t\t\t<\/div>\n\t\t\t\t\t<\/div>\n\t\t\t\t<\/div>\n\t\t\t\t<\/div>\n\t\t\t\t<div data-elementor-type=\"loop-item\" data-elementor-id=\"1335\" class=\"elementor elementor-1335 e-loop-item e-loop-item-1472 post-1472 post type-post status-publish format-standard has-post-thumbnail hentry category-cafe-literario category-cultura category-novela tag-historia tag-juvenil tag-literatura-juvenil tag-novela-de-aventura\" data-elementor-post-type=\"elementor_library\" data-custom-edit-handle=\"1\">\n\t\t\t<div class=\"elementor-element elementor-element-9dc409a e-flex e-con-boxed e-con e-parent\" data-id=\"9dc409a\" data-element_type=\"container\">\n\t\t\t\t\t<div class=\"e-con-inner\">\n\t\t\t\t<div class=\"elementor-element elementor-element-b3c1341 elementor-widget elementor-widget-theme-post-featured-image elementor-widget-image\" data-id=\"b3c1341\" data-element_type=\"widget\" data-widget_type=\"theme-post-featured-image.default\">\n\t\t\t\t<div class=\"elementor-widget-container\">\n\t\t\t\t\t\t\t\t\t\t\t\t\t\t\t\t<a href=\"https:\/\/lalectora.com\/en\/los-misterios-de-los-goonies-de-cadiz\/\">\n\t\t\t\t\t\t\t<img loading=\"lazy\" decoding=\"async\" width=\"800\" height=\"534\" src=\"https:\/\/lalectora.com\/wp-content\/uploads\/2025\/02\/relinque-1024x683.webp\" class=\"attachment-large size-large wp-image-1491\" alt=\"\" srcset=\"https:\/\/lalectora.com\/wp-content\/uploads\/2025\/02\/relinque-1024x683.webp 1024w, https:\/\/lalectora.com\/wp-content\/uploads\/2025\/02\/relinque-300x200.webp 300w, https:\/\/lalectora.com\/wp-content\/uploads\/2025\/02\/relinque-768x512.webp 768w, https:\/\/lalectora.com\/wp-content\/uploads\/2025\/02\/relinque-1536x1024.webp 1536w, https:\/\/lalectora.com\/wp-content\/uploads\/2025\/02\/relinque-18x12.webp 18w, https:\/\/lalectora.com\/wp-content\/uploads\/2025\/02\/relinque.webp 1920w\" sizes=\"(max-width: 800px) 100vw, 800px\" \/>\t\t\t\t\t\t\t\t<\/a>\n\t\t\t\t\t\t\t\t\t\t\t\t\t\t\t<\/div>\n\t\t\t\t<\/div>\n\t\t\t\t<div class=\"elementor-element elementor-element-bfe7bdb elementor-widget elementor-widget-theme-post-title elementor-page-title elementor-widget-heading\" data-id=\"bfe7bdb\" data-element_type=\"widget\" data-widget_type=\"theme-post-title.default\">\n\t\t\t\t<div class=\"elementor-widget-container\">\n\t\t\t\t\t<h2 class=\"elementor-heading-title elementor-size-default\"><a href=\"https:\/\/lalectora.com\/en\/los-misterios-de-los-goonies-de-cadiz\/\">Los misterios de los Goonies de C\u00e1diz<\/a><\/h2>\t\t\t\t<\/div>\n\t\t\t\t<\/div>\n\t\t\t\t<div class=\"elementor-element elementor-element-471f8aa elementor-widget elementor-widget-theme-post-excerpt\" data-id=\"471f8aa\" data-element_type=\"widget\" data-widget_type=\"theme-post-excerpt.default\">\n\t\t\t\t<div class=\"elementor-widget-container\">\n\t\t\t\t\tLa llave de los misterios que ya cuenta con 7 a\u00f1os de edad, se ha reeditado hace muy poquito de las manos de Kaizen.\t\t\t\t<\/div>\n\t\t\t\t<\/div>\n\t\t\t\t<div class=\"elementor-element elementor-element-6863c3e elementor-widget elementor-widget-button\" data-id=\"6863c3e\" data-element_type=\"widget\" data-widget_type=\"button.default\">\n\t\t\t\t<div class=\"elementor-widget-container\">\n\t\t\t\t\t\t\t\t\t<div class=\"elementor-button-wrapper\">\n\t\t\t\t\t<a class=\"elementor-button elementor-button-link elementor-size-sm\" href=\"https:\/\/lalectora.com\/en\/los-misterios-de-los-goonies-de-cadiz\/\">\n\t\t\t\t\t\t<span class=\"elementor-button-content-wrapper\">\n\t\t\t\t\t\t\t\t\t<span class=\"elementor-button-text\">View more<\/span>\n\t\t\t\t\t<\/span>\n\t\t\t\t\t<\/a>\n\t\t\t\t<\/div>\n\t\t\t\t\t\t\t\t<\/div>\n\t\t\t\t<\/div>\n\t\t\t\t\t<\/div>\n\t\t\t\t<\/div>\n\t\t\t\t<\/div>\n\t\t\t\t<div data-elementor-type=\"loop-item\" data-elementor-id=\"1335\" class=\"elementor elementor-1335 e-loop-item e-loop-item-1456 post-1456 post type-post status-publish format-standard has-post-thumbnail hentry category-novela tag-amor-prohibido tag-historia tag-imperio-romano tag-novela tag-roma\" data-elementor-post-type=\"elementor_library\" data-custom-edit-handle=\"1\">\n\t\t\t<div class=\"elementor-element elementor-element-9dc409a e-flex e-con-boxed e-con e-parent\" data-id=\"9dc409a\" data-element_type=\"container\">\n\t\t\t\t\t<div class=\"e-con-inner\">\n\t\t\t\t<div class=\"elementor-element elementor-element-b3c1341 elementor-widget elementor-widget-theme-post-featured-image elementor-widget-image\" data-id=\"b3c1341\" data-element_type=\"widget\" data-widget_type=\"theme-post-featured-image.default\">\n\t\t\t\t<div class=\"elementor-widget-container\">\n\t\t\t\t\t\t\t\t\t\t\t\t\t\t\t\t<a href=\"https:\/\/lalectora.com\/en\/el-jardin-de-las-vestales\/\">\n\t\t\t\t\t\t\t<img loading=\"lazy\" decoding=\"async\" width=\"800\" height=\"533\" src=\"https:\/\/lalectora.com\/wp-content\/uploads\/2024\/12\/El_jardin_1-1024x682.webp\" class=\"attachment-large size-large wp-image-1458\" alt=\"\" srcset=\"https:\/\/lalectora.com\/wp-content\/uploads\/2024\/12\/El_jardin_1-1024x682.webp 1024w, https:\/\/lalectora.com\/wp-content\/uploads\/2024\/12\/El_jardin_1-300x200.webp 300w, https:\/\/lalectora.com\/wp-content\/uploads\/2024\/12\/El_jardin_1-768x511.webp 768w, https:\/\/lalectora.com\/wp-content\/uploads\/2024\/12\/El_jardin_1-1536x1023.webp 1536w, https:\/\/lalectora.com\/wp-content\/uploads\/2024\/12\/El_jardin_1-18x12.webp 18w, https:\/\/lalectora.com\/wp-content\/uploads\/2024\/12\/El_jardin_1.webp 1774w\" sizes=\"(max-width: 800px) 100vw, 800px\" \/>\t\t\t\t\t\t\t\t<\/a>\n\t\t\t\t\t\t\t\t\t\t\t\t\t\t\t<\/div>\n\t\t\t\t<\/div>\n\t\t\t\t<div class=\"elementor-element elementor-element-bfe7bdb elementor-widget elementor-widget-theme-post-title elementor-page-title elementor-widget-heading\" data-id=\"bfe7bdb\" data-element_type=\"widget\" data-widget_type=\"theme-post-title.default\">\n\t\t\t\t<div class=\"elementor-widget-container\">\n\t\t\t\t\t<h2 class=\"elementor-heading-title elementor-size-default\"><a href=\"https:\/\/lalectora.com\/en\/el-jardin-de-las-vestales\/\">El Jard\u00edn de las Vestales<\/a><\/h2>\t\t\t\t<\/div>\n\t\t\t\t<\/div>\n\t\t\t\t<div class=\"elementor-element elementor-element-471f8aa elementor-widget elementor-widget-theme-post-excerpt\" data-id=\"471f8aa\" data-element_type=\"widget\" data-widget_type=\"theme-post-excerpt.default\">\n\t\t\t\t<div class=\"elementor-widget-container\">\n\t\t\t\t\tEl Jard\u00edn de las Vestales es una obra que nos sumerge en la Roma Imperial, desvelando los entresijos pol\u00edticos y las intrigas de los senadores y altos cargos del imperio.\t\t\t\t<\/div>\n\t\t\t\t<\/div>\n\t\t\t\t<div class=\"elementor-element elementor-element-6863c3e elementor-widget elementor-widget-button\" data-id=\"6863c3e\" data-element_type=\"widget\" data-widget_type=\"button.default\">\n\t\t\t\t<div class=\"elementor-widget-container\">\n\t\t\t\t\t\t\t\t\t<div class=\"elementor-button-wrapper\">\n\t\t\t\t\t<a class=\"elementor-button elementor-button-link elementor-size-sm\" href=\"https:\/\/lalectora.com\/en\/el-jardin-de-las-vestales\/\">\n\t\t\t\t\t\t<span class=\"elementor-button-content-wrapper\">\n\t\t\t\t\t\t\t\t\t<span class=\"elementor-button-text\">View more<\/span>\n\t\t\t\t\t<\/span>\n\t\t\t\t\t<\/a>\n\t\t\t\t<\/div>\n\t\t\t\t\t\t\t\t<\/div>\n\t\t\t\t<\/div>\n\t\t\t\t\t<\/div>\n\t\t\t\t<\/div>\n\t\t\t\t<\/div>\n\t\t\t\t<div data-elementor-type=\"loop-item\" data-elementor-id=\"1335\" class=\"elementor elementor-1335 e-loop-item e-loop-item-1395 post-1395 post type-post status-publish format-standard has-post-thumbnail hentry category-literatura-infantil tag-cuentos tag-gloria-fuerte tag-infantil tag-marta-altes tag-poemas\" data-elementor-post-type=\"elementor_library\" data-custom-edit-handle=\"1\">\n\t\t\t<div class=\"elementor-element elementor-element-9dc409a e-flex e-con-boxed e-con e-parent\" data-id=\"9dc409a\" data-element_type=\"container\">\n\t\t\t\t\t<div class=\"e-con-inner\">\n\t\t\t\t<div class=\"elementor-element elementor-element-b3c1341 elementor-widget elementor-widget-theme-post-featured-image elementor-widget-image\" data-id=\"b3c1341\" data-element_type=\"widget\" data-widget_type=\"theme-post-featured-image.default\">\n\t\t\t\t<div class=\"elementor-widget-container\">\n\t\t\t\t\t\t\t\t\t\t\t\t\t\t\t\t<a href=\"https:\/\/lalectora.com\/en\/el-libro-de-gloria-fuerte-para-ninas-y-ninos\/\">\n\t\t\t\t\t\t\t<img loading=\"lazy\" decoding=\"async\" width=\"800\" height=\"533\" src=\"https:\/\/lalectora.com\/wp-content\/uploads\/2024\/07\/el-libro-de-Gloria-Fuerte-para-ninas-y-ninos-1024x682.webp\" class=\"attachment-large size-large wp-image-1403\" alt=\"el libro de Gloria Fuerte para ni\u00f1as y ni\u00f1os\" srcset=\"https:\/\/lalectora.com\/wp-content\/uploads\/2024\/07\/el-libro-de-Gloria-Fuerte-para-ninas-y-ninos-1024x682.webp 1024w, https:\/\/lalectora.com\/wp-content\/uploads\/2024\/07\/el-libro-de-Gloria-Fuerte-para-ninas-y-ninos-300x200.webp 300w, https:\/\/lalectora.com\/wp-content\/uploads\/2024\/07\/el-libro-de-Gloria-Fuerte-para-ninas-y-ninos-768x511.webp 768w, https:\/\/lalectora.com\/wp-content\/uploads\/2024\/07\/el-libro-de-Gloria-Fuerte-para-ninas-y-ninos-1536x1023.webp 1536w, https:\/\/lalectora.com\/wp-content\/uploads\/2024\/07\/el-libro-de-Gloria-Fuerte-para-ninas-y-ninos-18x12.webp 18w, https:\/\/lalectora.com\/wp-content\/uploads\/2024\/07\/el-libro-de-Gloria-Fuerte-para-ninas-y-ninos.webp 1774w\" sizes=\"(max-width: 800px) 100vw, 800px\" \/>\t\t\t\t\t\t\t\t<\/a>\n\t\t\t\t\t\t\t\t\t\t\t\t\t\t\t<\/div>\n\t\t\t\t<\/div>\n\t\t\t\t<div class=\"elementor-element elementor-element-bfe7bdb elementor-widget elementor-widget-theme-post-title elementor-page-title elementor-widget-heading\" data-id=\"bfe7bdb\" data-element_type=\"widget\" data-widget_type=\"theme-post-title.default\">\n\t\t\t\t<div class=\"elementor-widget-container\">\n\t\t\t\t\t<h2 class=\"elementor-heading-title elementor-size-default\"><a href=\"https:\/\/lalectora.com\/en\/el-libro-de-gloria-fuerte-para-ninas-y-ninos\/\">El libro de Gloria Fuerte para ni\u00f1as y ni\u00f1os<\/a><\/h2>\t\t\t\t<\/div>\n\t\t\t\t<\/div>\n\t\t\t\t<div class=\"elementor-element elementor-element-471f8aa elementor-widget elementor-widget-theme-post-excerpt\" data-id=\"471f8aa\" data-element_type=\"widget\" data-widget_type=\"theme-post-excerpt.default\">\n\t\t\t\t<div class=\"elementor-widget-container\">\n\t\t\t\t\tUn libro que recomiendo tener en casa y ojear de vez en cuando, sin necesidad de tener ni\u00f1os, es una obra de Gloria Fuertes.\t\t\t\t<\/div>\n\t\t\t\t<\/div>\n\t\t\t\t<div class=\"elementor-element elementor-element-6863c3e elementor-widget elementor-widget-button\" data-id=\"6863c3e\" data-element_type=\"widget\" data-widget_type=\"button.default\">\n\t\t\t\t<div class=\"elementor-widget-container\">\n\t\t\t\t\t\t\t\t\t<div class=\"elementor-button-wrapper\">\n\t\t\t\t\t<a class=\"elementor-button elementor-button-link elementor-size-sm\" href=\"https:\/\/lalectora.com\/en\/el-libro-de-gloria-fuerte-para-ninas-y-ninos\/\">\n\t\t\t\t\t\t<span class=\"elementor-button-content-wrapper\">\n\t\t\t\t\t\t\t\t\t<span class=\"elementor-button-text\">View more<\/span>\n\t\t\t\t\t<\/span>\n\t\t\t\t\t<\/a>\n\t\t\t\t<\/div>\n\t\t\t\t\t\t\t\t<\/div>\n\t\t\t\t<\/div>\n\t\t\t\t\t<\/div>\n\t\t\t\t<\/div>\n\t\t\t\t<\/div>\n\t\t\t\t<div data-elementor-type=\"loop-item\" data-elementor-id=\"1335\" class=\"elementor elementor-1335 e-loop-item e-loop-item-1326 post-1326 post type-post status-publish format-standard has-post-thumbnail hentry category-novela tag-guerra-de-la-independencia tag-historia-de-espana tag-maria-reig tag-novela-historica\" data-elementor-post-type=\"elementor_library\" data-custom-edit-handle=\"1\">\n\t\t\t<div class=\"elementor-element elementor-element-9dc409a e-flex e-con-boxed e-con e-parent\" data-id=\"9dc409a\" data-element_type=\"container\">\n\t\t\t\t\t<div class=\"e-con-inner\">\n\t\t\t\t<div class=\"elementor-element elementor-element-b3c1341 elementor-widget elementor-widget-theme-post-featured-image elementor-widget-image\" data-id=\"b3c1341\" data-element_type=\"widget\" data-widget_type=\"theme-post-featured-image.default\">\n\t\t\t\t<div class=\"elementor-widget-container\">\n\t\t\t\t\t\t\t\t\t\t\t\t\t\t\t\t<a href=\"https:\/\/lalectora.com\/en\/los-mil-nombres-de-la-libertad\/\">\n\t\t\t\t\t\t\t<img loading=\"lazy\" decoding=\"async\" width=\"800\" height=\"533\" src=\"https:\/\/lalectora.com\/wp-content\/uploads\/2024\/07\/Los-mil-nombres-de-la-libertad-1024x682.webp\" class=\"attachment-large size-large wp-image-1389\" alt=\"Los mil nombres de la libertad\" srcset=\"https:\/\/lalectora.com\/wp-content\/uploads\/2024\/07\/Los-mil-nombres-de-la-libertad-1024x682.webp 1024w, https:\/\/lalectora.com\/wp-content\/uploads\/2024\/07\/Los-mil-nombres-de-la-libertad-300x200.webp 300w, https:\/\/lalectora.com\/wp-content\/uploads\/2024\/07\/Los-mil-nombres-de-la-libertad-768x511.webp 768w, https:\/\/lalectora.com\/wp-content\/uploads\/2024\/07\/Los-mil-nombres-de-la-libertad-1536x1023.webp 1536w, https:\/\/lalectora.com\/wp-content\/uploads\/2024\/07\/Los-mil-nombres-de-la-libertad-18x12.webp 18w, https:\/\/lalectora.com\/wp-content\/uploads\/2024\/07\/Los-mil-nombres-de-la-libertad.webp 1774w\" sizes=\"(max-width: 800px) 100vw, 800px\" \/>\t\t\t\t\t\t\t\t<\/a>\n\t\t\t\t\t\t\t\t\t\t\t\t\t\t\t<\/div>\n\t\t\t\t<\/div>\n\t\t\t\t<div class=\"elementor-element elementor-element-bfe7bdb elementor-widget elementor-widget-theme-post-title elementor-page-title elementor-widget-heading\" data-id=\"bfe7bdb\" data-element_type=\"widget\" data-widget_type=\"theme-post-title.default\">\n\t\t\t\t<div class=\"elementor-widget-container\">\n\t\t\t\t\t<h2 class=\"elementor-heading-title elementor-size-default\"><a href=\"https:\/\/lalectora.com\/en\/los-mil-nombres-de-la-libertad\/\">Los mil nombres de la libertad<\/a><\/h2>\t\t\t\t<\/div>\n\t\t\t\t<\/div>\n\t\t\t\t<div class=\"elementor-element elementor-element-471f8aa elementor-widget elementor-widget-theme-post-excerpt\" data-id=\"471f8aa\" data-element_type=\"widget\" data-widget_type=\"theme-post-excerpt.default\">\n\t\t\t\t<div class=\"elementor-widget-container\">\n\t\t\t\t\tNo hay nadie que ame el dolor mismo, que lo busque, lo encuentre y lo quiera, simplemente porque es el dolor\t\t\t\t<\/div>\n\t\t\t\t<\/div>\n\t\t\t\t<div class=\"elementor-element elementor-element-6863c3e elementor-widget elementor-widget-button\" data-id=\"6863c3e\" data-element_type=\"widget\" data-widget_type=\"button.default\">\n\t\t\t\t<div class=\"elementor-widget-container\">\n\t\t\t\t\t\t\t\t\t<div class=\"elementor-button-wrapper\">\n\t\t\t\t\t<a class=\"elementor-button elementor-button-link elementor-size-sm\" href=\"https:\/\/lalectora.com\/en\/los-mil-nombres-de-la-libertad\/\">\n\t\t\t\t\t\t<span class=\"elementor-button-content-wrapper\">\n\t\t\t\t\t\t\t\t\t<span class=\"elementor-button-text\">View more<\/span>\n\t\t\t\t\t<\/span>\n\t\t\t\t\t<\/a>\n\t\t\t\t<\/div>\n\t\t\t\t\t\t\t\t<\/div>\n\t\t\t\t<\/div>\n\t\t\t\t\t<\/div>\n\t\t\t\t<\/div>\n\t\t\t\t<\/div>\n\t\t\t\t<div data-elementor-type=\"loop-item\" data-elementor-id=\"1335\" class=\"elementor elementor-1335 e-loop-item e-loop-item-1325 post-1325 post type-post status-publish format-standard has-post-thumbnail hentry category-novela tag-ana-galdeano tag-busqueda-de-tesoro tag-matilde-asensi tag-novela-de-aventura\" data-elementor-post-type=\"elementor_library\" data-custom-edit-handle=\"1\">\n\t\t\t<div class=\"elementor-element elementor-element-9dc409a e-flex e-con-boxed e-con e-parent\" data-id=\"9dc409a\" data-element_type=\"container\">\n\t\t\t\t\t<div class=\"e-con-inner\">\n\t\t\t\t<div class=\"elementor-element elementor-element-b3c1341 elementor-widget elementor-widget-theme-post-featured-image elementor-widget-image\" data-id=\"b3c1341\" data-element_type=\"widget\" data-widget_type=\"theme-post-featured-image.default\">\n\t\t\t\t<div class=\"elementor-widget-container\">\n\t\t\t\t\t\t\t\t\t\t\t\t\t\t\t\t<a href=\"https:\/\/lalectora.com\/en\/el-salon-de-ambar\/\">\n\t\t\t\t\t\t\t<img loading=\"lazy\" decoding=\"async\" width=\"800\" height=\"533\" src=\"https:\/\/lalectora.com\/wp-content\/uploads\/2024\/07\/el-salon-del-ambar-1024x682.webp\" class=\"attachment-large size-large wp-image-1392\" alt=\"El sal\u00f3n de \u00c1mbar\" srcset=\"https:\/\/lalectora.com\/wp-content\/uploads\/2024\/07\/el-salon-del-ambar-1024x682.webp 1024w, https:\/\/lalectora.com\/wp-content\/uploads\/2024\/07\/el-salon-del-ambar-300x200.webp 300w, https:\/\/lalectora.com\/wp-content\/uploads\/2024\/07\/el-salon-del-ambar-768x511.webp 768w, https:\/\/lalectora.com\/wp-content\/uploads\/2024\/07\/el-salon-del-ambar-1536x1023.webp 1536w, https:\/\/lalectora.com\/wp-content\/uploads\/2024\/07\/el-salon-del-ambar-18x12.webp 18w, https:\/\/lalectora.com\/wp-content\/uploads\/2024\/07\/el-salon-del-ambar.webp 1774w\" sizes=\"(max-width: 800px) 100vw, 800px\" \/>\t\t\t\t\t\t\t\t<\/a>\n\t\t\t\t\t\t\t\t\t\t\t\t\t\t\t<\/div>\n\t\t\t\t<\/div>\n\t\t\t\t<div class=\"elementor-element elementor-element-bfe7bdb elementor-widget elementor-widget-theme-post-title elementor-page-title elementor-widget-heading\" data-id=\"bfe7bdb\" data-element_type=\"widget\" data-widget_type=\"theme-post-title.default\">\n\t\t\t\t<div class=\"elementor-widget-container\">\n\t\t\t\t\t<h2 class=\"elementor-heading-title elementor-size-default\"><a href=\"https:\/\/lalectora.com\/en\/el-salon-de-ambar\/\">El sal\u00f3n de \u00c1mbar<\/a><\/h2>\t\t\t\t<\/div>\n\t\t\t\t<\/div>\n\t\t\t\t<div class=\"elementor-element elementor-element-471f8aa elementor-widget elementor-widget-theme-post-excerpt\" data-id=\"471f8aa\" data-element_type=\"widget\" data-widget_type=\"theme-post-excerpt.default\">\n\t\t\t\t<div class=\"elementor-widget-container\">\n\t\t\t\t\t El sal\u00f3n de \u00c1mbar, es un libro que lleg\u00f3 a mis manos de forma fortuita en mi \u00e9poca universitaria y me convirti\u00f3 en seguidora de la escritora Matilde Asensi.\t\t\t\t<\/div>\n\t\t\t\t<\/div>\n\t\t\t\t<div class=\"elementor-element elementor-element-6863c3e elementor-widget elementor-widget-button\" data-id=\"6863c3e\" data-element_type=\"widget\" data-widget_type=\"button.default\">\n\t\t\t\t<div class=\"elementor-widget-container\">\n\t\t\t\t\t\t\t\t\t<div class=\"elementor-button-wrapper\">\n\t\t\t\t\t<a class=\"elementor-button elementor-button-link elementor-size-sm\" href=\"https:\/\/lalectora.com\/en\/el-salon-de-ambar\/\">\n\t\t\t\t\t\t<span class=\"elementor-button-content-wrapper\">\n\t\t\t\t\t\t\t\t\t<span class=\"elementor-button-text\">View more<\/span>\n\t\t\t\t\t<\/span>\n\t\t\t\t\t<\/a>\n\t\t\t\t<\/div>\n\t\t\t\t\t\t\t\t<\/div>\n\t\t\t\t<\/div>\n\t\t\t\t\t<\/div>\n\t\t\t\t<\/div>\n\t\t\t\t<\/div>\n\t\t\t\t<div data-elementor-type=\"loop-item\" data-elementor-id=\"1335\" class=\"elementor elementor-1335 e-loop-item e-loop-item-1321 post-1321 post type-post status-publish format-standard has-post-thumbnail hentry category-cultura tag-cafeteria-literaria tag-la-lectora tag-libros\" data-elementor-post-type=\"elementor_library\" data-custom-edit-handle=\"1\">\n\t\t\t<div class=\"elementor-element elementor-element-9dc409a e-flex e-con-boxed e-con e-parent\" data-id=\"9dc409a\" data-element_type=\"container\">\n\t\t\t\t\t<div class=\"e-con-inner\">\n\t\t\t\t<div class=\"elementor-element elementor-element-b3c1341 elementor-widget elementor-widget-theme-post-featured-image elementor-widget-image\" data-id=\"b3c1341\" data-element_type=\"widget\" data-widget_type=\"theme-post-featured-image.default\">\n\t\t\t\t<div class=\"elementor-widget-container\">\n\t\t\t\t\t\t\t\t\t\t\t\t\t\t\t\t<a href=\"https:\/\/lalectora.com\/en\/la-lectora-post\/\">\n\t\t\t\t\t\t\t<img loading=\"lazy\" decoding=\"async\" width=\"800\" height=\"533\" src=\"https:\/\/lalectora.com\/wp-content\/uploads\/2024\/07\/la-lectora-escritora-1024x682.webp\" class=\"attachment-large size-large wp-image-1370\" alt=\"la lectora escritora\" srcset=\"https:\/\/lalectora.com\/wp-content\/uploads\/2024\/07\/la-lectora-escritora-1024x682.webp 1024w, https:\/\/lalectora.com\/wp-content\/uploads\/2024\/07\/la-lectora-escritora-300x200.webp 300w, https:\/\/lalectora.com\/wp-content\/uploads\/2024\/07\/la-lectora-escritora-768x511.webp 768w, https:\/\/lalectora.com\/wp-content\/uploads\/2024\/07\/la-lectora-escritora-1536x1023.webp 1536w, https:\/\/lalectora.com\/wp-content\/uploads\/2024\/07\/la-lectora-escritora-18x12.webp 18w, https:\/\/lalectora.com\/wp-content\/uploads\/2024\/07\/la-lectora-escritora.webp 1774w\" sizes=\"(max-width: 800px) 100vw, 800px\" \/>\t\t\t\t\t\t\t\t<\/a>\n\t\t\t\t\t\t\t\t\t\t\t\t\t\t\t<\/div>\n\t\t\t\t<\/div>\n\t\t\t\t<div class=\"elementor-element elementor-element-bfe7bdb elementor-widget elementor-widget-theme-post-title elementor-page-title elementor-widget-heading\" data-id=\"bfe7bdb\" data-element_type=\"widget\" data-widget_type=\"theme-post-title.default\">\n\t\t\t\t<div class=\"elementor-widget-container\">\n\t\t\t\t\t<h2 class=\"elementor-heading-title elementor-size-default\"><a href=\"https:\/\/lalectora.com\/en\/la-lectora-post\/\">\u00bfQui\u00e9n es la Lectora?<\/a><\/h2>\t\t\t\t<\/div>\n\t\t\t\t<\/div>\n\t\t\t\t<div class=\"elementor-element elementor-element-471f8aa elementor-widget elementor-widget-theme-post-excerpt\" data-id=\"471f8aa\" data-element_type=\"widget\" data-widget_type=\"theme-post-excerpt.default\">\n\t\t\t\t<div class=\"elementor-widget-container\">\n\t\t\t\t\tLa Lectora es m\u00e1s que un simple nombre; es una mujer, madre de dos maravillosos hijos, esposa y la mente maestra detr\u00e1s de esta apasionante aventura hostelera.\t\t\t\t<\/div>\n\t\t\t\t<\/div>\n\t\t\t\t<div class=\"elementor-element elementor-element-6863c3e elementor-widget elementor-widget-button\" data-id=\"6863c3e\" data-element_type=\"widget\" data-widget_type=\"button.default\">\n\t\t\t\t<div class=\"elementor-widget-container\">\n\t\t\t\t\t\t\t\t\t<div class=\"elementor-button-wrapper\">\n\t\t\t\t\t<a class=\"elementor-button elementor-button-link elementor-size-sm\" href=\"https:\/\/lalectora.com\/en\/la-lectora-post\/\">\n\t\t\t\t\t\t<span class=\"elementor-button-content-wrapper\">\n\t\t\t\t\t\t\t\t\t<span class=\"elementor-button-text\">View more<\/span>\n\t\t\t\t\t<\/span>\n\t\t\t\t\t<\/a>\n\t\t\t\t<\/div>\n\t\t\t\t\t\t\t\t<\/div>\n\t\t\t\t<\/div>\n\t\t\t\t\t<\/div>\n\t\t\t\t<\/div>\n\t\t\t\t<\/div>\n\t\t\t\t<div data-elementor-type=\"loop-item\" data-elementor-id=\"1335\" class=\"elementor elementor-1335 e-loop-item e-loop-item-1323 post-1323 post type-post status-publish format-standard has-post-thumbnail hentry category-cafe-literario tag-carta-literaria tag-desayunos tag-espacio-literario tag-meriendas\" data-elementor-post-type=\"elementor_library\" data-custom-edit-handle=\"1\">\n\t\t\t<div class=\"elementor-element elementor-element-9dc409a e-flex e-con-boxed e-con e-parent\" data-id=\"9dc409a\" data-element_type=\"container\">\n\t\t\t\t\t<div class=\"e-con-inner\">\n\t\t\t\t<div class=\"elementor-element elementor-element-b3c1341 elementor-widget elementor-widget-theme-post-featured-image elementor-widget-image\" data-id=\"b3c1341\" data-element_type=\"widget\" data-widget_type=\"theme-post-featured-image.default\">\n\t\t\t\t<div class=\"elementor-widget-container\">\n\t\t\t\t\t\t\t\t\t\t\t\t\t\t\t\t<a href=\"https:\/\/lalectora.com\/en\/espacio-literario\/\">\n\t\t\t\t\t\t\t<img loading=\"lazy\" decoding=\"async\" width=\"800\" height=\"533\" src=\"https:\/\/lalectora.com\/wp-content\/uploads\/2024\/07\/la-lectora-cafeteria-literaria-1024x682.webp\" class=\"attachment-large size-large wp-image-1383\" alt=\"la lectora cafeter\u00eda literaria\" srcset=\"https:\/\/lalectora.com\/wp-content\/uploads\/2024\/07\/la-lectora-cafeteria-literaria-1024x682.webp 1024w, https:\/\/lalectora.com\/wp-content\/uploads\/2024\/07\/la-lectora-cafeteria-literaria-300x200.webp 300w, https:\/\/lalectora.com\/wp-content\/uploads\/2024\/07\/la-lectora-cafeteria-literaria-768x511.webp 768w, https:\/\/lalectora.com\/wp-content\/uploads\/2024\/07\/la-lectora-cafeteria-literaria-1536x1023.webp 1536w, https:\/\/lalectora.com\/wp-content\/uploads\/2024\/07\/la-lectora-cafeteria-literaria-18x12.webp 18w, https:\/\/lalectora.com\/wp-content\/uploads\/2024\/07\/la-lectora-cafeteria-literaria.webp 1774w\" sizes=\"(max-width: 800px) 100vw, 800px\" \/>\t\t\t\t\t\t\t\t<\/a>\n\t\t\t\t\t\t\t\t\t\t\t\t\t\t\t<\/div>\n\t\t\t\t<\/div>\n\t\t\t\t<div class=\"elementor-element elementor-element-bfe7bdb elementor-widget elementor-widget-theme-post-title elementor-page-title elementor-widget-heading\" data-id=\"bfe7bdb\" data-element_type=\"widget\" data-widget_type=\"theme-post-title.default\">\n\t\t\t\t<div class=\"elementor-widget-container\">\n\t\t\t\t\t<h2 class=\"elementor-heading-title elementor-size-default\"><a href=\"https:\/\/lalectora.com\/en\/espacio-literario\/\">\u00bfC\u00f3mo nace La Lectora?<\/a><\/h2>\t\t\t\t<\/div>\n\t\t\t\t<\/div>\n\t\t\t\t<div class=\"elementor-element elementor-element-471f8aa elementor-widget elementor-widget-theme-post-excerpt\" data-id=\"471f8aa\" data-element_type=\"widget\" data-widget_type=\"theme-post-excerpt.default\">\n\t\t\t\t<div class=\"elementor-widget-container\">\n\t\t\t\t\tLa Lectora naci\u00f3 el 2 de julio de 2018 con una idea clara: unir los libros con la hosteler\u00eda.\t\t\t\t<\/div>\n\t\t\t\t<\/div>\n\t\t\t\t<div class=\"elementor-element elementor-element-6863c3e elementor-widget elementor-widget-button\" data-id=\"6863c3e\" data-element_type=\"widget\" data-widget_type=\"button.default\">\n\t\t\t\t<div class=\"elementor-widget-container\">\n\t\t\t\t\t\t\t\t\t<div class=\"elementor-button-wrapper\">\n\t\t\t\t\t<a class=\"elementor-button elementor-button-link elementor-size-sm\" href=\"https:\/\/lalectora.com\/en\/espacio-literario\/\">\n\t\t\t\t\t\t<span class=\"elementor-button-content-wrapper\">\n\t\t\t\t\t\t\t\t\t<span class=\"elementor-button-text\">View more<\/span>\n\t\t\t\t\t<\/span>\n\t\t\t\t\t<\/a>\n\t\t\t\t<\/div>\n\t\t\t\t\t\t\t\t<\/div>\n\t\t\t\t<\/div>\n\t\t\t\t\t<\/div>\n\t\t\t\t<\/div>\n\t\t\t\t<\/div>\n\t\t\t\t<\/div>\n\t\t\n\t\t\t\t\t\t<\/div>\n\t\t\t\t<\/div>\n\t\t\t\t<\/div>\n\t\t<div class=\"elementor-element elementor-element-784729e e-con-full elementor-hidden-mobile e-flex e-con e-child\" data-id=\"784729e\" data-element_type=\"container\">\n\t\t\t\t<div class=\"elementor-element elementor-element-79c993a elementor-widget-divider--view-line elementor-widget elementor-widget-divider\" data-id=\"79c993a\" data-element_type=\"widget\" data-widget_type=\"divider.default\">\n\t\t\t\t<div class=\"elementor-widget-container\">\n\t\t\t\t\t\t\t<div class=\"elementor-divider\">\n\t\t\t<span class=\"elementor-divider-separator\">\n\t\t\t\t\t\t<\/span>\n\t\t<\/div>\n\t\t\t\t\t\t<\/div>\n\t\t\t\t<\/div>\n\t\t\t\t<div class=\"elementor-element elementor-element-2d6d693 elementor-widget elementor-widget-heading\" data-id=\"2d6d693\" data-element_type=\"widget\" data-widget_type=\"heading.default\">\n\t\t\t\t<div class=\"elementor-widget-container\">\n\t\t\t\t\t<h2 class=\"elementor-heading-title elementor-size-default\">Entradas recientes<\/h2>\t\t\t\t<\/div>\n\t\t\t\t<\/div>\n\t\t\t\t<div class=\"elementor-element elementor-element-5045db2 elementor-grid-1 elementor-posts--thumbnail-none elementor-grid-tablet-1 elementor-grid-mobile-1 elementor-widget elementor-widget-posts\" data-id=\"5045db2\" data-element_type=\"widget\" data-settings=\"{&quot;classic_columns&quot;:&quot;1&quot;,&quot;classic_row_gap&quot;:{&quot;unit&quot;:&quot;px&quot;,&quot;size&quot;:10,&quot;sizes&quot;:[]},&quot;classic_columns_tablet&quot;:&quot;1&quot;,&quot;classic_columns_mobile&quot;:&quot;1&quot;,&quot;classic_row_gap_tablet&quot;:{&quot;unit&quot;:&quot;px&quot;,&quot;size&quot;:&quot;&quot;,&quot;sizes&quot;:[]},&quot;classic_row_gap_mobile&quot;:{&quot;unit&quot;:&quot;px&quot;,&quot;size&quot;:&quot;&quot;,&quot;sizes&quot;:[]}}\" data-widget_type=\"posts.classic\">\n\t\t\t\t<div class=\"elementor-widget-container\">\n\t\t\t\t\t\t\t<div class=\"elementor-posts-container elementor-posts elementor-posts--skin-classic elementor-grid\" role=\"list\">\n\t\t\t\t<article class=\"elementor-post elementor-grid-item post-1323 post type-post status-publish format-standard has-post-thumbnail hentry category-cafe-literario tag-carta-literaria tag-desayunos tag-espacio-literario tag-meriendas\" role=\"listitem\">\n\t\t\t\t<div class=\"elementor-post__text\">\n\t\t\t\t<h3 class=\"elementor-post__title\">\n\t\t\t<a href=\"https:\/\/lalectora.com\/en\/espacio-literario\/\" >\n\t\t\t\t\u00bfC\u00f3mo nace La Lectora?\t\t\t<\/a>\n\t\t<\/h3>\n\t\t\t\t<\/div>\n\t\t\t\t<\/article>\n\t\t\t\t<article class=\"elementor-post elementor-grid-item post-1321 post type-post status-publish format-standard has-post-thumbnail hentry category-cultura tag-cafeteria-literaria tag-la-lectora tag-libros\" role=\"listitem\">\n\t\t\t\t<div class=\"elementor-post__text\">\n\t\t\t\t<h3 class=\"elementor-post__title\">\n\t\t\t<a href=\"https:\/\/lalectora.com\/en\/la-lectora-post\/\" >\n\t\t\t\t\u00bfQui\u00e9n es la Lectora?\t\t\t<\/a>\n\t\t<\/h3>\n\t\t\t\t<\/div>\n\t\t\t\t<\/article>\n\t\t\t\t<article class=\"elementor-post elementor-grid-item post-1325 post type-post status-publish format-standard has-post-thumbnail hentry category-novela tag-ana-galdeano tag-busqueda-de-tesoro tag-matilde-asensi tag-novela-de-aventura\" role=\"listitem\">\n\t\t\t\t<div class=\"elementor-post__text\">\n\t\t\t\t<h3 class=\"elementor-post__title\">\n\t\t\t<a href=\"https:\/\/lalectora.com\/en\/el-salon-de-ambar\/\" >\n\t\t\t\tEl sal\u00f3n de \u00c1mbar\t\t\t<\/a>\n\t\t<\/h3>\n\t\t\t\t<\/div>\n\t\t\t\t<\/article>\n\t\t\t\t<article class=\"elementor-post elementor-grid-item post-1326 post type-post status-publish format-standard has-post-thumbnail hentry category-novela tag-guerra-de-la-independencia tag-historia-de-espana tag-maria-reig tag-novela-historica\" role=\"listitem\">\n\t\t\t\t<div class=\"elementor-post__text\">\n\t\t\t\t<h3 class=\"elementor-post__title\">\n\t\t\t<a href=\"https:\/\/lalectora.com\/en\/los-mil-nombres-de-la-libertad\/\" >\n\t\t\t\tLos mil nombres de la libertad\t\t\t<\/a>\n\t\t<\/h3>\n\t\t\t\t<\/div>\n\t\t\t\t<\/article>\n\t\t\t\t<\/div>\n\t\t\n\t\t\t\t\t\t<\/div>\n\t\t\t\t<\/div>\n\t\t\t\t<div class=\"elementor-element elementor-element-6581064 elementor-widget-divider--view-line elementor-widget elementor-widget-divider\" data-id=\"6581064\" data-element_type=\"widget\" data-widget_type=\"divider.default\">\n\t\t\t\t<div class=\"elementor-widget-container\">\n\t\t\t\t\t\t\t<div class=\"elementor-divider\">\n\t\t\t<span class=\"elementor-divider-separator\">\n\t\t\t\t\t\t<\/span>\n\t\t<\/div>\n\t\t\t\t\t\t<\/div>\n\t\t\t\t<\/div>\n\t\t\t\t<div class=\"elementor-element elementor-element-e5069be elementor-widget elementor-widget-heading\" data-id=\"e5069be\" data-element_type=\"widget\" data-widget_type=\"heading.default\">\n\t\t\t\t<div class=\"elementor-widget-container\">\n\t\t\t\t\t<h2 class=\"elementor-heading-title elementor-size-default\">Categor\u00edas<\/h2>\t\t\t\t<\/div>\n\t\t\t\t<\/div>\n\t\t\t\t<div class=\"elementor-element elementor-element-e3ee21b elementor-widget elementor-widget-taxonomy-filter\" data-id=\"e3ee21b\" data-element_type=\"widget\" data-settings=\"{&quot;selected_element&quot;:&quot;64ad447&quot;,&quot;taxonomy&quot;:&quot;category&quot;,&quot;multiple_selection&quot;:&quot;no&quot;}\" data-widget_type=\"taxonomy-filter.default\">\n\t\t\t\t<div class=\"elementor-widget-container\">\n\t\t\t\t\t\t\t<search class=\"e-filter\" role=\"search\" data-base-url=\"https:\/\/lalectora.com\/en\/\" data-page-num=\"1\">\n\t\t\t\t\t\t\t<button class=\"e-filter-item\" data-filter=\"cafe-literario\" aria-pressed=\"false\">Caf\u00e9 literario<\/button>\n\t\t\t\t\t\t\t<button class=\"e-filter-item\" data-filter=\"cultura\" aria-pressed=\"false\">Cultura<\/button>\n\t\t\t\t\t\t\t<button class=\"e-filter-item\" data-filter=\"literatura-infantil\" aria-pressed=\"false\">Literatura infantil<\/button>\n\t\t\t\t\t\t\t<button class=\"e-filter-item\" data-filter=\"novela\" aria-pressed=\"false\">Novela<\/button>\n\t\t\t\n\t\t\t\t\t\t\t\t<\/search>\n\t\t\t\t\t\t<\/div>\n\t\t\t\t<\/div>\n\t\t\t\t<\/div>\n\t\t\t\t\t<\/div>\n\t\t\t\t<\/div>\n\t\t\t\t<\/div>","protected":false},"excerpt":{"rendered":"<p>El blog de La Lectora Entradas recientes Categor\u00edas Caf\u00e9 literario Cultura Literatura infantil Novela<\/p>","protected":false},"author":1,"featured_media":0,"parent":0,"menu_order":0,"comment_status":"closed","ping_status":"closed","template":"","meta":{"footnotes":""},"class_list":["post-1319","page","type-page","status-publish","hentry"],"yoast_head":"<!-- This site is optimized with the Yoast SEO plugin v26.1.1 - https:\/\/yoast.com\/wordpress\/plugins\/seo\/ -->\n<title>Blog - La Lectora<\/title>\n<meta name=\"robots\" content=\"index, follow, max-snippet:-1, max-image-preview:large, max-video-preview:-1\" \/>\n<link rel=\"canonical\" href=\"https:\/\/lalectora.com\/en\/blog\/\" \/>\n<meta property=\"og:locale\" content=\"en_GB\" \/>\n<meta property=\"og:type\" content=\"article\" \/>\n<meta property=\"og:title\" content=\"Blog - La Lectora\" \/>\n<meta property=\"og:description\" content=\"El blog de La Lectora Entradas recientes Categor\u00edas Caf\u00e9 literario Cultura Literatura infantil Novela\" \/>\n<meta property=\"og:url\" content=\"https:\/\/lalectora.com\/en\/blog\/\" \/>\n<meta property=\"og:site_name\" content=\"La Lectora\" \/>\n<meta property=\"article:publisher\" content=\"https:\/\/www.facebook.com\/lalectoracafeliterario\" \/>\n<meta property=\"article:modified_time\" content=\"2025-05-05T07:45:59+00:00\" \/>\n<meta name=\"twitter:card\" content=\"summary_large_image\" \/>\n<meta name=\"twitter:label1\" content=\"Estimated reading time\" \/>\n\t<meta name=\"twitter:data1\" content=\"9 minutes\" \/>\n<script type=\"application\/ld+json\" class=\"yoast-schema-graph\">{\"@context\":\"https:\/\/schema.org\",\"@graph\":[{\"@type\":\"WebPage\",\"@id\":\"https:\/\/lalectora.com\/blog\/\",\"url\":\"https:\/\/lalectora.com\/blog\/\",\"name\":\"Blog - La Lectora\",\"isPartOf\":{\"@id\":\"https:\/\/lalectora.com\/#website\"},\"datePublished\":\"2024-07-05T10:05:28+00:00\",\"dateModified\":\"2025-05-05T07:45:59+00:00\",\"breadcrumb\":{\"@id\":\"https:\/\/lalectora.com\/blog\/#breadcrumb\"},\"inLanguage\":\"en-GB\",\"potentialAction\":[{\"@type\":\"ReadAction\",\"target\":[\"https:\/\/lalectora.com\/blog\/\"]}]},{\"@type\":\"BreadcrumbList\",\"@id\":\"https:\/\/lalectora.com\/blog\/#breadcrumb\",\"itemListElement\":[{\"@type\":\"ListItem\",\"position\":1,\"name\":\"Portada\",\"item\":\"https:\/\/lalectora.com\/\"},{\"@type\":\"ListItem\",\"position\":2,\"name\":\"Blog\"}]},{\"@type\":\"WebSite\",\"@id\":\"https:\/\/lalectora.com\/#website\",\"url\":\"https:\/\/lalectora.com\/\",\"name\":\"La Lectora\",\"description\":\"Cafeter\u00eda en C\u00e1diz\",\"publisher\":{\"@id\":\"https:\/\/lalectora.com\/#organization\"},\"potentialAction\":[{\"@type\":\"SearchAction\",\"target\":{\"@type\":\"EntryPoint\",\"urlTemplate\":\"https:\/\/lalectora.com\/?s={search_term_string}\"},\"query-input\":{\"@type\":\"PropertyValueSpecification\",\"valueRequired\":true,\"valueName\":\"search_term_string\"}}],\"inLanguage\":\"en-GB\"},{\"@type\":\"Organization\",\"@id\":\"https:\/\/lalectora.com\/#organization\",\"name\":\"La Lectora cafeter\u00eda literaria\",\"url\":\"https:\/\/lalectora.com\/\",\"logo\":{\"@type\":\"ImageObject\",\"inLanguage\":\"en-GB\",\"@id\":\"https:\/\/lalectora.com\/#\/schema\/logo\/image\/\",\"url\":\"https:\/\/lalectora.com\/wp-content\/uploads\/2023\/02\/lalectora-logo.png\",\"contentUrl\":\"https:\/\/lalectora.com\/wp-content\/uploads\/2023\/02\/lalectora-logo.png\",\"width\":462,\"height\":91,\"caption\":\"La Lectora cafeter\u00eda literaria\"},\"image\":{\"@id\":\"https:\/\/lalectora.com\/#\/schema\/logo\/image\/\"},\"sameAs\":[\"https:\/\/www.facebook.com\/lalectoracafeliterario\",\"https:\/\/www.instagram.com\/lalectoracadiz\/\"]}]}<\/script>\n<!-- \/ Yoast SEO plugin. -->","yoast_head_json":{"title":"Blog - La Lectora","robots":{"index":"index","follow":"follow","max-snippet":"max-snippet:-1","max-image-preview":"max-image-preview:large","max-video-preview":"max-video-preview:-1"},"canonical":"https:\/\/lalectora.com\/en\/blog\/","og_locale":"en_GB","og_type":"article","og_title":"Blog - La Lectora","og_description":"El blog de La Lectora Entradas recientes Categor\u00edas Caf\u00e9 literario Cultura Literatura infantil Novela","og_url":"https:\/\/lalectora.com\/en\/blog\/","og_site_name":"La Lectora","article_publisher":"https:\/\/www.facebook.com\/lalectoracafeliterario","article_modified_time":"2025-05-05T07:45:59+00:00","twitter_card":"summary_large_image","twitter_misc":{"Estimated reading time":"9 minutes"},"schema":{"@context":"https:\/\/schema.org","@graph":[{"@type":"WebPage","@id":"https:\/\/lalectora.com\/blog\/","url":"https:\/\/lalectora.com\/blog\/","name":"Blog - La Lectora","isPartOf":{"@id":"https:\/\/lalectora.com\/#website"},"datePublished":"2024-07-05T10:05:28+00:00","dateModified":"2025-05-05T07:45:59+00:00","breadcrumb":{"@id":"https:\/\/lalectora.com\/blog\/#breadcrumb"},"inLanguage":"en-GB","potentialAction":[{"@type":"ReadAction","target":["https:\/\/lalectora.com\/blog\/"]}]},{"@type":"BreadcrumbList","@id":"https:\/\/lalectora.com\/blog\/#breadcrumb","itemListElement":[{"@type":"ListItem","position":1,"name":"Portada","item":"https:\/\/lalectora.com\/"},{"@type":"ListItem","position":2,"name":"Blog"}]},{"@type":"WebSite","@id":"https:\/\/lalectora.com\/#website","url":"https:\/\/lalectora.com\/","name":"La Lectora","description":"Cafeter\u00eda en C\u00e1diz","publisher":{"@id":"https:\/\/lalectora.com\/#organization"},"potentialAction":[{"@type":"SearchAction","target":{"@type":"EntryPoint","urlTemplate":"https:\/\/lalectora.com\/?s={search_term_string}"},"query-input":{"@type":"PropertyValueSpecification","valueRequired":true,"valueName":"search_term_string"}}],"inLanguage":"en-GB"},{"@type":"Organization","@id":"https:\/\/lalectora.com\/#organization","name":"La Lectora cafeter\u00eda literaria","url":"https:\/\/lalectora.com\/","logo":{"@type":"ImageObject","inLanguage":"en-GB","@id":"https:\/\/lalectora.com\/#\/schema\/logo\/image\/","url":"https:\/\/lalectora.com\/wp-content\/uploads\/2023\/02\/lalectora-logo.png","contentUrl":"https:\/\/lalectora.com\/wp-content\/uploads\/2023\/02\/lalectora-logo.png","width":462,"height":91,"caption":"La Lectora cafeter\u00eda literaria"},"image":{"@id":"https:\/\/lalectora.com\/#\/schema\/logo\/image\/"},"sameAs":["https:\/\/www.facebook.com\/lalectoracafeliterario","https:\/\/www.instagram.com\/lalectoracadiz\/"]}]}},"_links":{"self":[{"href":"https:\/\/lalectora.com\/en\/wp-json\/wp\/v2\/pages\/1319","targetHints":{"allow":["GET"]}}],"collection":[{"href":"https:\/\/lalectora.com\/en\/wp-json\/wp\/v2\/pages"}],"about":[{"href":"https:\/\/lalectora.com\/en\/wp-json\/wp\/v2\/types\/page"}],"author":[{"embeddable":true,"href":"https:\/\/lalectora.com\/en\/wp-json\/wp\/v2\/users\/1"}],"replies":[{"embeddable":true,"href":"https:\/\/lalectora.com\/en\/wp-json\/wp\/v2\/comments?post=1319"}],"version-history":[{"count":25,"href":"https:\/\/lalectora.com\/en\/wp-json\/wp\/v2\/pages\/1319\/revisions"}],"predecessor-version":[{"id":1526,"href":"https:\/\/lalectora.com\/en\/wp-json\/wp\/v2\/pages\/1319\/revisions\/1526"}],"wp:attachment":[{"href":"https:\/\/lalectora.com\/en\/wp-json\/wp\/v2\/media?parent=1319"}],"curies":[{"name":"wp","href":"https:\/\/api.w.org\/{rel}","templated":true}]}}